{"id":445,"date":"2024-08-20T19:09:44","date_gmt":"2024-08-20T17:09:44","guid":{"rendered":"https:\/\/wuefolk.de\/wps\/event\/vorbereitung-zum-balkantanz-mit-donagan-jubilaeum-3\/"},"modified":"2024-08-20T19:09:44","modified_gmt":"2024-08-20T17:09:44","slug":"vorbereitung-zum-balkantanz-mit-donagan-jubilaeum-3","status":"publish","type":"tribe_events","link":"https:\/\/wuefolk.de\/wps\/event\/vorbereitung-zum-balkantanz-mit-donagan-jubilaeum-3\/","title":{"rendered":"Vorbereitung zum Balkantanz mit Donagan (Jubil\u00e4um)"},"content":{"rendered":"<p>Die Band &#8222;Donagan&#8220; bringt zum Jubil\u00e4um einen bunten Mix an T\u00e4nzen aus Osteuropa mit, ein Gro\u00dfteil zum gleich Mitmachen, ein Teil mit mittlerem Niveau und ein paar Spezialit\u00e4ten f\u00fcr G\u00fcbte. Wer die T\u00e4nze kennenlernen und im Vorfeld ein bisschen \u00fcben m\u00f6chte, hat dazu Gelegenheit:<br \/>Am 11., 18. und 25.09. stehen die T\u00e4nze auf dem w\u00f6chentlichen Mittwochsprogramm bei der Tanzgruppe &#8222;Tamzara&#8220;.<br \/>An den Abenden wollen wir uns mit folgendem Ablauf den T\u00e4nzen widmen:<br \/>19.00-19.30 Uhr: anspruchsvolle T\u00e4nze f\u00fcr Ge\u00fcbte<br \/>19.30-21.30 Uhr: T\u00e4nze zum gleich Mitmachen und T\u00e4nze mit mittlerem Niveau<\/p>\n<p>Anmeldung ist nicht erforderlich.<br \/>Bitte mitbringen: bequeme Tanzschuhe, Getr\u00e4nk, einen kleinen Beitrag zur Saalmiete<\/p>\n","protected":false},"excerpt":{"rendered":"<p>Die Band &#8222;Donagan&#8220; bringt zum Jubil\u00e4um einen bunten Mix an T\u00e4nzen aus Osteuropa mit, ein Gro\u00dfteil zum gleich Mitmachen, ein Teil mit mittlerem Niveau und ein paar Spezialit\u00e4ten f\u00fcr G\u00fcbte. [&hellip;]<\/p>\n","protected":false},"author":2,"featured_media":0,"template":"","meta":{"_price":"","_stock":"","_tribe_ticket_header":"","_tribe_default_ticket_provider":"","_tribe_ticket_capacity":"0","_ticket_start_date":"","_ticket_end_date":"","_tribe_ticket_show_description":"","_tribe_ticket_show_not_going":false,"_tribe_ticket_use_global_stock":"","_tribe_ticket_global_stock_level":"","_global_stock_mode":"","_global_stock_cap":"","_tribe_rsvp_for_event":"","_tribe_ticket_going_count":"","_tribe_ticket_not_going_count":"","_tribe_tickets_list":"[]","_tribe_ticket_has_attendee_info_fields":false,"_tribe_events_status":"","_tribe_events_status_reason":"","footnotes":"","_tec_slr_enabled":"","_tec_slr_layout":""},"tags":[],"tribe_events_cat":[13],"class_list":["post-445","tribe_events","type-tribe_events","status-publish","hentry","tribe_events_cat-tanz","cat_tanz"],"ticketed":false,"_links":{"self":[{"href":"https:\/\/wuefolk.de\/wps\/wp-json\/wp\/v2\/tribe_events\/445","targetHints":{"allow":["GET"]}}],"collection":[{"href":"https:\/\/wuefolk.de\/wps\/wp-json\/wp\/v2\/tribe_events"}],"about":[{"href":"https:\/\/wuefolk.de\/wps\/wp-json\/wp\/v2\/types\/tribe_events"}],"author":[{"embeddable":true,"href":"https:\/\/wuefolk.de\/wps\/wp-json\/wp\/v2\/users\/2"}],"version-history":[{"count":0,"href":"https:\/\/wuefolk.de\/wps\/wp-json\/wp\/v2\/tribe_events\/445\/revisions"}],"wp:attachment":[{"href":"https:\/\/wuefolk.de\/wps\/wp-json\/wp\/v2\/media?parent=445"}],"wp:term":[{"taxonomy":"post_tag","embeddable":true,"href":"https:\/\/wuefolk.de\/wps\/wp-json\/wp\/v2\/tags?post=445"},{"taxonomy":"tribe_events_cat","embeddable":true,"href":"https:\/\/wuefolk.de\/wps\/wp-json\/wp\/v2\/tribe_events_cat?post=445"}],"curies":[{"name":"wp","href":"https:\/\/api.w.org\/{rel}","templated":true}]}}